{"id":9238,"date":"2025-06-29T01:51:11","date_gmt":"2025-06-29T01:51:11","guid":{"rendered":"https:\/\/staging.museeafrica.com\/?page_id=9238"},"modified":"2025-11-26T18:56:15","modified_gmt":"2025-11-26T23:56:15","slug":"the-theodore-monod-museum-of-african-art-dakar","status":"publish","type":"page","link":"https:\/\/museeafrica.com\/fr\/the-theodore-monod-museum-of-african-art-dakar\/","title":{"rendered":"Le Mus\u00e9e Th\u00e9odore-Monod d\u2019art africain, Dakar"},"content":{"rendered":"<div data-elementor-type=\"wp-page\" data-elementor-id=\"9238\" class=\"elementor elementor-9238\" data-elementor-post-type=\"page\">\n\t\t\t\t<div class=\"elementor-element elementor-element-3c3f24ab e-con-full e-flex e-con e-parent\" data-id=\"3c3f24ab\" data-element_type=\"container\" data-e-type=\"container\" data-settings=\"{&quot;background_background&quot;:&quot;classic&quot;}\">\n\t\t<div class=\"elementor-element elementor-element-26c63b7 e-con-full e-flex e-con e-child\" data-id=\"26c63b7\" data-element_type=\"container\" data-e-type=\"container\" data-settings=\"{&quot;background_background&quot;:&quot;classic&quot;}\">\n\t\t\t\t<div class=\"elementor-element elementor-element-48f63b8b elementor-widget elementor-widget-spacer\" data-id=\"48f63b8b\" data-element_type=\"widget\" data-e-type=\"widget\" data-widget_type=\"spacer.default\">\n\t\t\t\t<div class=\"elementor-widget-container\">\n\t\t\t\t\t\t\t<div class=\"elementor-spacer\">\n\t\t\t<div class=\"elementor-spacer-inner\"><\/div>\n\t\t<\/div>\n\t\t\t\t\t\t<\/div>\n\t\t\t\t<\/div>\n\t\t\t\t<\/div>\n\t\t<div class=\"elementor-element elementor-element-44c363b5 e-con-full e-flex e-con e-child\" data-id=\"44c363b5\" data-element_type=\"container\" data-e-type=\"container\">\n\t\t\t\t<div class=\"elementor-element elementor-element-160b045b animated-fast elementor-invisible elementor-widget elementor-widget-heading\" data-id=\"160b045b\" data-element_type=\"widget\" data-e-type=\"widget\" data-settings=\"{&quot;_animation&quot;:&quot;fadeIn&quot;,&quot;_animation_delay&quot;:500}\" data-widget_type=\"heading.default\">\n\t\t\t\t<div class=\"elementor-widget-container\">\n\t\t\t\t\t<p class=\"elementor-heading-title elementor-size-default\">ARTICLE<\/p>\t\t\t\t<\/div>\n\t\t\t\t<\/div>\n\t\t\t\t<div class=\"elementor-element elementor-element-5c63debc elementor-widget__width-inherit animated-fast elementor-invisible elementor-widget elementor-widget-heading\" data-id=\"5c63debc\" data-element_type=\"widget\" data-e-type=\"widget\" data-settings=\"{&quot;_animation&quot;:&quot;fadeIn&quot;,&quot;_animation_delay&quot;:600}\" data-widget_type=\"heading.default\">\n\t\t\t\t<div class=\"elementor-widget-container\">\n\t\t\t\t\t<h1 class=\"elementor-heading-title elementor-size-default\">Le Mus\u00e9e Th\u00e9odore-Monod d\u2019art africain, Dakar\n\n<\/h1>\t\t\t\t<\/div>\n\t\t\t\t<\/div>\n\t\t\t\t<div class=\"elementor-element elementor-element-32a8cd59 animated-fast elementor-invisible elementor-widget elementor-widget-text-editor\" data-id=\"32a8cd59\" data-element_type=\"widget\" data-e-type=\"widget\" data-settings=\"{&quot;_animation&quot;:&quot;fadeIn&quot;,&quot;_animation_delay&quot;:700}\" data-widget_type=\"text-editor.default\">\n\t\t\t\t<div class=\"elementor-widget-container\">\n\t\t\t\t\t\t\t\t\t<p>Cr\u00e9\u00e9 en 1936 et officiellement institutionnalis\u00e9 en 1960, le Mus\u00e9e Th\u00e9odore-Monod d\u2019art africain a connu, \u00e0 l\u2019instar de nombreuses autres institutions mus\u00e9ales, une trajectoire singuli\u00e8re. Partie int\u00e9grante de l\u2019IFAN (Institut fran\u00e7ais d\u2019Afrique noire, devenu par la suite l\u2019Institut fondamental d\u2019Afrique noire), il fut initialement con\u00e7u comme un mus\u00e9e ethnographique d\u00e9di\u00e9 aux arts et aux traditions de l\u2019Afrique noire de l\u2019Ouest. Il va sans dire qu\u2019il s\u2019agissait alors d\u2019un mus\u00e9e port\u00e9 par une vision r\u00e9solument colonialiste. \u00a0<\/p>\t\t\t\t\t\t\t\t<\/div>\n\t\t\t\t<\/div>\n\t\t\t\t<\/div>\n\t\t\t\t<\/div>\n\t\t<div class=\"elementor-element elementor-element-2a41df31 e-flex e-con-boxed e-con e-parent\" data-id=\"2a41df31\" data-element_type=\"container\" data-e-type=\"container\" data-settings=\"{&quot;background_background&quot;:&quot;classic&quot;}\">\n\t\t\t\t\t<div class=\"e-con-inner\">\n\t\t<div class=\"elementor-element elementor-element-13e01c2a animated-fast e-flex e-con-boxed elementor-invisible e-con e-child\" data-id=\"13e01c2a\" data-element_type=\"container\" data-e-type=\"container\" data-settings=\"{&quot;animation&quot;:&quot;fadeIn&quot;,&quot;animation_delay&quot;:500}\">\n\t\t\t\t\t<div class=\"e-con-inner\">\n\t\t\t\t<div class=\"elementor-element elementor-element-2980d851 elementor-widget elementor-widget-heading\" data-id=\"2980d851\" data-element_type=\"widget\" data-e-type=\"widget\" data-widget_type=\"heading.default\">\n\t\t\t\t<div class=\"elementor-widget-container\">\n\t\t\t\t\t<p class=\"elementor-heading-title elementor-size-default\">LECTURE<\/p>\t\t\t\t<\/div>\n\t\t\t\t<\/div>\n\t\t\t\t<div class=\"elementor-element elementor-element-bcd321a elementor-widget elementor-widget-heading\" data-id=\"bcd321a\" data-element_type=\"widget\" data-e-type=\"widget\" data-widget_type=\"heading.default\">\n\t\t\t\t<div class=\"elementor-widget-container\">\n\t\t\t\t\t<h1 class=\"elementor-heading-title elementor-size-default\"> Malick N\u2019Diaye : Directeur g\u00e9n\u00e9ral du mus\u00e9e\n<\/h1>\t\t\t\t<\/div>\n\t\t\t\t<\/div>\n\t\t\t\t<div class=\"elementor-element elementor-element-7acb4490 elementor-widget elementor-widget-video\" data-id=\"7acb4490\" data-element_type=\"widget\" data-e-type=\"widget\" data-settings=\"{&quot;youtube_url&quot;:&quot;https:\\\/\\\/youtu.be\\\/brz6n1BKbrw?si=E3wfKWCzuX2xvZmM&quot;,&quot;show_image_overlay&quot;:&quot;yes&quot;,&quot;image_overlay&quot;:{&quot;url&quot;:&quot;https:\\\/\\\/museeafrica.com\\\/wp-content\\\/uploads\\\/2025\\\/06\\\/Capture-1.png&quot;,&quot;id&quot;:9282,&quot;size&quot;:&quot;&quot;,&quot;alt&quot;:&quot;&quot;,&quot;source&quot;:&quot;library&quot;},&quot;video_type&quot;:&quot;youtube&quot;,&quot;controls&quot;:&quot;yes&quot;}\" data-widget_type=\"video.default\">\n\t\t\t\t<div class=\"elementor-widget-container\">\n\t\t\t\t\t\t\t<div class=\"elementor-wrapper elementor-open-inline\">\n\t\t\t<div class=\"elementor-video\"><\/div>\t\t\t\t<div class=\"elementor-custom-embed-image-overlay\" style=\"background-image: url(https:\/\/museeafrica.com\/wp-content\/uploads\/2025\/06\/Capture-1.png);\">\n\t\t\t\t\t\t\t\t\t\t\t\t\t\t\t\t<div class=\"elementor-custom-embed-play\" role=\"button\" aria-label=\"Play Video\" tabindex=\"0\">\n\t\t\t\t\t\t\t<svg aria-hidden=\"true\" class=\"e-font-icon-svg e-fas-play\" viewbox=\"0 0 448 512\" xmlns=\"http:\/\/www.w3.org\/2000\/svg\"><path d=\"M424.4 214.7L72.4 6.6C43.8-10.3 0 6.1 0 47.9V464c0 37.5 40.7 60.1 72.4 41.3l352-208c31.4-18.5 31.5-64.1 0-82.6z\"><\/path><\/svg>\t\t\t\t\t\t<\/div>\n\t\t\t\t\t\t\t\t\t<\/div>\n\t\t\t\t\t<\/div>\n\t\t\t\t\t\t<\/div>\n\t\t\t\t<\/div>\n\t\t\t\t\t<\/div>\n\t\t\t\t<\/div>\n\t\t\t\t\t<\/div>\n\t\t\t\t<\/div>\n\t\t<div class=\"elementor-element elementor-element-70181f15 e-flex e-con-boxed e-con e-parent\" data-id=\"70181f15\" data-element_type=\"container\" data-e-type=\"container\" data-settings=\"{&quot;background_background&quot;:&quot;classic&quot;}\">\n\t\t\t\t\t<div class=\"e-con-inner\">\n\t\t<div class=\"elementor-element elementor-element-15acf191 e-grid e-con-boxed e-con e-child\" data-id=\"15acf191\" data-element_type=\"container\" data-e-type=\"container\">\n\t\t\t\t\t<div class=\"e-con-inner\">\n\t\t<div class=\"elementor-element elementor-element-29e8b7a3 e-con-full animated-fast e-flex elementor-invisible e-con e-child\" data-id=\"29e8b7a3\" data-element_type=\"container\" data-e-type=\"container\" data-settings=\"{&quot;animation&quot;:&quot;fadeIn&quot;,&quot;animation_delay&quot;:500}\">\n\t\t\t\t<div class=\"elementor-element elementor-element-a039c1 elementor-widget elementor-widget-image\" data-id=\"a039c1\" data-element_type=\"widget\" data-e-type=\"widget\" data-widget_type=\"image.default\">\n\t\t\t\t<div class=\"elementor-widget-container\">\n\t\t\t\t\t\t\t\t\t\t\t\t\t\t\t<img decoding=\"async\" src=\"https:\/\/museeafrica.com\/wp-content\/uploads\/elementor\/thumbs\/HJ-copy-r80b186xddtha4ibtah8ah1wjujfc3atg9il0zbmvc.jpg\" title=\"HJ copy\" alt=\"HJ copy\" loading=\"lazy\" \/>\t\t\t\t\t\t\t\t\t\t\t\t\t\t\t<\/div>\n\t\t\t\t<\/div>\n\t\t\t\t<div class=\"elementor-element elementor-element-76cc1650 elementor-widget elementor-widget-text-editor\" data-id=\"76cc1650\" data-element_type=\"widget\" data-e-type=\"widget\" data-widget_type=\"text-editor.default\">\n\t\t\t\t<div class=\"elementor-widget-container\">\n\t\t\t\t\t\t\t\t\t<p>\u00c0 la fin des ann\u00e9es 1950, le mus\u00e9e a pris un tournant, celui de privil\u00e9gier la dimension esth\u00e9tique des objets. Cette vision s\u2019est estomp\u00e9e quelques d\u00e9cennies plus tard, lorsque le mus\u00e9e a \u00e9t\u00e9 rebaptis\u00e9 Mus\u00e9e Th\u00e9odore-Monod en 2007, en hommage au premier directeur de l\u2019IFAN. Cependant, le conservateur actuel du mus\u00e9e, M. El Hadji Malick Ndiaye, pr\u00e9cise :<\/p>\t\t\t\t\t\t\t\t<\/div>\n\t\t\t\t<\/div>\n\t\t\t\t<\/div>\n\t\t<div class=\"elementor-element elementor-element-40087765 e-con-full animated-fast e-flex elementor-invisible e-con e-child\" data-id=\"40087765\" data-element_type=\"container\" data-e-type=\"container\" data-settings=\"{&quot;animation&quot;:&quot;fadeIn&quot;,&quot;animation_delay&quot;:750}\">\n\t\t\t\t<div class=\"elementor-element elementor-element-4c83841b elementor-widget elementor-widget-text-editor\" data-id=\"4c83841b\" data-element_type=\"widget\" data-e-type=\"widget\" data-widget_type=\"text-editor.default\">\n\t\t\t\t<div class=\"elementor-widget-container\">\n\t\t\t\t\t\t\t\t\t<p>D\u2019une part, ce nom reconna\u00eet qu\u2019il est le fruit d\u2019une construction coloniale qui, tout en pr\u00e9tendant s\u2019int\u00e9resser aux civilisations africaines, en niait la complexit\u00e9 : m\u00eame lorsque ces cultures \u00e9taient glorifi\u00e9es, elles restaient toujours exotiques et confin\u00e9es dans l\u2019antichambre de l\u2019histoire. D\u2019autre part, ce nom affirme que ces collections constituent le terreau d\u2019une nouvelle vision, celle d\u2019un mus\u00e9e moderne. \u00bb La mission du mus\u00e9e consiste avant tout \u00e0 pr\u00e9server et \u00e0 valoriser le patrimoine culturel du S\u00e9n\u00e9gal et de l\u2019Afrique dans son ensemble.\u00a0<\/p><p>The institution includes two buildings of the same architecture, namely a combination of Sudanese and colonial style. \u00a0\u00a0<\/p><p>In terms of collections, the museum has 10,000 pieces from around twenty African countries, mainly from black Africa. The reserve and exhibition areas are estimated at 600 m2 and 1400 m2 respectively. \u00a0\u00a0<\/p>\t\t\t\t\t\t\t\t<\/div>\n\t\t\t\t<\/div>\n\t\t\t\t<\/div>\n\t\t\t\t\t<\/div>\n\t\t\t\t<\/div>\n\t\t\t\t\t<\/div>\n\t\t\t\t<\/div>\n\t\t<div class=\"elementor-element elementor-element-218ac6ec e-flex e-con-boxed e-con e-parent\" data-id=\"218ac6ec\" data-element_type=\"container\" data-e-type=\"container\" data-settings=\"{&quot;background_background&quot;:&quot;classic&quot;}\">\n\t\t\t\t\t<div class=\"e-con-inner\">\n\t\t<div class=\"elementor-element elementor-element-4739aa9d e-grid e-con-boxed e-con e-child\" data-id=\"4739aa9d\" data-element_type=\"container\" data-e-type=\"container\">\n\t\t\t\t\t<div class=\"e-con-inner\">\n\t\t<div class=\"elementor-element elementor-element-469b022e e-con-full animated-fast e-flex elementor-invisible e-con e-child\" data-id=\"469b022e\" data-element_type=\"container\" data-e-type=\"container\" data-settings=\"{&quot;animation&quot;:&quot;fadeIn&quot;,&quot;animation_delay&quot;:500}\">\n\t\t\t\t<div class=\"elementor-element elementor-element-23ae5bb elementor-widget__width-initial elementor-widget-mobile__width-inherit elementor-widget-tablet__width-inherit elementor-widget elementor-widget-heading\" data-id=\"23ae5bb\" data-element_type=\"widget\" data-e-type=\"widget\" data-widget_type=\"heading.default\">\n\t\t\t\t<div class=\"elementor-widget-container\">\n\t\t\t\t\t<h1 class=\"elementor-heading-title elementor-size-default\">Statuette rituelle, Yoruba, Nigeria<\/h1>\t\t\t\t<\/div>\n\t\t\t\t<\/div>\n\t\t\t\t<div class=\"elementor-element elementor-element-7558b412 elementor-widget elementor-widget-text-editor\" data-id=\"7558b412\" data-element_type=\"widget\" data-e-type=\"widget\" data-widget_type=\"text-editor.default\">\n\t\t\t\t<div class=\"elementor-widget-container\">\n\t\t\t\t\t\t\t\t\t<p>L\u2019examen de la composition des collections permet d\u2019affirmer que les collections de masques et de statuettes pr\u00e9dominent, repr\u00e9sentant environ 35 % de l\u2019ensemble des objets. Le mus\u00e9e dispose d\u2019un centre de documentation comprenant une petite biblioth\u00e8que, une phototh\u00e8que, un espace d\u00e9di\u00e9 aux archives et des fiches techniques pour chaque \u0153uvre pr\u00e9sente dans les r\u00e9serves. Ces derni\u00e8res ann\u00e9es, le mus\u00e9e a adopt\u00e9 une nouvelle orientation : une politique d\u2019ouverture vers le monde de l\u2019art contemporain, avec des projets tels que celui de \u00ab l\u2019objet parlant \u00bb, dans lequel des artistes visuels sont invit\u00e9s (en r\u00e9sidence) \u00e0 dialoguer avec les collections du mus\u00e9e et, \u00e0 travers leurs pratiques artistiques, \u00e0 cr\u00e9er de nouvelles \u0153uvres avant de les restituer au mus\u00e9e. Il s\u2019agit d\u2019une d\u00e9marche originale visant \u00e0 renouveler les collections.<\/p><p>\u00a0<\/p>\t\t\t\t\t\t\t\t<\/div>\n\t\t\t\t<\/div>\n\t\t\t\t<div class=\"elementor-element elementor-element-6975fc2 elementor-widget__width-initial elementor-widget-mobile__width-inherit elementor-widget-tablet__width-inherit elementor-widget elementor-widget-heading\" data-id=\"6975fc2\" data-element_type=\"widget\" data-e-type=\"widget\" data-widget_type=\"heading.default\">\n\t\t\t\t<div class=\"elementor-widget-container\">\n\t\t\t\t\t<h1 class=\"elementor-heading-title elementor-size-default\">Xylophone, Bwa, Mali<\/h1>\t\t\t\t<\/div>\n\t\t\t\t<\/div>\n\t\t\t\t<div class=\"elementor-element elementor-element-0e91c78 elementor-widget elementor-widget-text-editor\" data-id=\"0e91c78\" data-element_type=\"widget\" data-e-type=\"widget\" data-widget_type=\"text-editor.default\">\n\t\t\t\t<div class=\"elementor-widget-container\">\n\t\t\t\t\t\t\t\t\t<p>\u00a0En r\u00e9sum\u00e9, le Mus\u00e9e Th\u00e9odore-Monod d\u2019art africain est une institution pionni\u00e8re qui a \u00e9galement jou\u00e9 un r\u00f4le moteur dans la cr\u00e9ation de plusieurs mus\u00e9es nationaux en Afrique de l\u2019Ouest francophone. Il se r\u00e9jouit de constater que ses responsables, par un questionnement permanent, permettent de le repositionner vers une certaine dynamique.\u00a0<\/p><p>M.A<\/p>\t\t\t\t\t\t\t\t<\/div>\n\t\t\t\t<\/div>\n\t\t\t\t<div class=\"elementor-element elementor-element-1054c16 elementor-widget-divider--view-line elementor-widget elementor-widget-divider\" data-id=\"1054c16\" data-element_type=\"widget\" data-e-type=\"widget\" data-widget_type=\"divider.default\">\n\t\t\t\t<div class=\"elementor-widget-container\">\n\t\t\t\t\t\t\t<div class=\"elementor-divider\">\n\t\t\t<span class=\"elementor-divider-separator\">\n\t\t\t\t\t\t<\/span>\n\t\t<\/div>\n\t\t\t\t\t\t<\/div>\n\t\t\t\t<\/div>\n\t\t\t\t<\/div>\n\t\t\t\t<div class=\"elementor-element elementor-element-3dd7001a animated-fast elementor-invisible elementor-widget elementor-widget-image\" data-id=\"3dd7001a\" data-element_type=\"widget\" data-e-type=\"widget\" data-settings=\"{&quot;_animation&quot;:&quot;fadeIn&quot;,&quot;_animation_delay&quot;:750}\" data-widget_type=\"image.default\">\n\t\t\t\t<div class=\"elementor-widget-container\">\n\t\t\t\t\t\t\t\t\t\t\t\t\t\t\t<img decoding=\"async\" src=\"https:\/\/museeafrica.com\/wp-content\/uploads\/elementor\/thumbs\/HJ-copy-1-r80b9fc8zd2ngva6lzf03m8nuj130tswftcprs7yoo.jpg\" title=\"HJ copy\" alt=\"HJ copy\" loading=\"lazy\" \/>\t\t\t\t\t\t\t\t\t\t\t\t\t\t\t<\/div>\n\t\t\t\t<\/div>\n\t\t\t\t\t<\/div>\n\t\t\t\t<\/div>\n\t\t\t\t\t<\/div>\n\t\t\t\t<\/div>\n\t\t\t\t<\/div>","protected":false},"excerpt":{"rendered":"<div class=\"tmnf_excerpt clearfix\"><p>ARTICLE The Th\u00e9odore Monod Museum of African Art, Dakar Created in 1936 and officially materialized in 1960, the Th\u00e9odore Monod Museum of African Art has, like several other museum institutions, experienced a particular trajectory. An integral part of IFAN (the French Institute of Black Africa which became the Fundamental Institute of Black Africa), it was &hellip;<\/p>\n<\/div>","protected":false},"author":1,"featured_media":0,"parent":0,"menu_order":0,"comment_status":"closed","ping_status":"closed","template":"elementor_header_footer","meta":{"_monsterinsights_skip_tracking":false,"_monsterinsights_sitenote_active":false,"_monsterinsights_sitenote_note":"","_monsterinsights_sitenote_category":0,"footnotes":""},"class_list":["post-9238","page","type-page","status-publish","hentry"],"aioseo_notices":[],"_links":{"self":[{"href":"https:\/\/museeafrica.com\/fr\/wp-json\/wp\/v2\/pages\/9238","targetHints":{"allow":["GET"]}}],"collection":[{"href":"https:\/\/museeafrica.com\/fr\/wp-json\/wp\/v2\/pages"}],"about":[{"href":"https:\/\/museeafrica.com\/fr\/wp-json\/wp\/v2\/types\/page"}],"author":[{"embeddable":true,"href":"https:\/\/museeafrica.com\/fr\/wp-json\/wp\/v2\/users\/1"}],"replies":[{"embeddable":true,"href":"https:\/\/museeafrica.com\/fr\/wp-json\/wp\/v2\/comments?post=9238"}],"version-history":[{"count":49,"href":"https:\/\/museeafrica.com\/fr\/wp-json\/wp\/v2\/pages\/9238\/revisions"}],"predecessor-version":[{"id":10381,"href":"https:\/\/museeafrica.com\/fr\/wp-json\/wp\/v2\/pages\/9238\/revisions\/10381"}],"wp:attachment":[{"href":"https:\/\/museeafrica.com\/fr\/wp-json\/wp\/v2\/media?parent=9238"}],"curies":[{"name":"wp","href":"https:\/\/api.w.org\/{rel}","templated":true}]}}